{"id":236,"date":"2020-05-11T11:05:34","date_gmt":"2020-05-11T09:05:34","guid":{"rendered":"https:\/\/enreseau.ch\/monla\/?page_id=236"},"modified":"2020-05-24T11:08:44","modified_gmt":"2020-05-24T09:08:44","slug":"approche","status":"publish","type":"page","link":"https:\/\/enreseau.ch\/monla\/approche\/","title":{"rendered":"Approche"},"content":{"rendered":"<h3>Buts<\/h3>\n<p><strong>d\u00e9velopper son autonomie et son r\u00e9seau :<\/strong><\/p>\n<ul>\n<li>vivre selon ses valeurs en cr\u00e9ant sa propre voie<\/li>\n<li>b\u00e9n\u00e9ficier des ressources et des opportunit\u00e9s qui se pr\u00e9sentent<\/li>\n<li>favoriser les synergies et les partages avec son environnement<\/li>\n<li>se lib\u00e9rer de l'emprise de l\u2019argent et des contraintes de la soci\u00e9t\u00e9<\/li>\n<\/ul>\n<h3>Valeurs<\/h3>\n<ul>\n<li><strong>autonomie<\/strong>\n<ul>\n<li>responsabilit\u00e9<\/li>\n<li>simplicit\u00e9<\/li>\n<li>cr\u00e9ativit\u00e9<\/li>\n<\/ul>\n<\/li>\n<li><strong>int\u00e9gration, liens<\/strong> (nature, localit\u00e9, r\u00e9seau)\n<ul>\n<li>\u00e9quilibre individuel-collectif, local-global<\/li>\n<li>ouverture<\/li>\n<li>respect<\/li>\n<li>solidarit\u00e9<\/li>\n<\/ul>\n<\/li>\n<\/ul>\n<h3>Concepts au c\u0153ur de l'approche<\/h3>\n<ul>\n<li><a href=\"https:\/\/enreseau.ch\/monla\/infos\/systemes-durables\/\">Design de syst\u00e8mes durables<\/a><\/li>\n<li><a href=\"https:\/\/enreseau.ch\/monla\/infos\/alimentation-naturelle\/\">Alimentation naturelle<\/a><\/li>\n<li><a href=\"https:\/\/enreseau.ch\/monla\/infos\/paraculture\/\">Paraculture<\/a><\/li>\n<\/ul>\n<!-- AddThis Advanced Settings generic via filter on the_content --><!-- AddThis Share Buttons generic via filter on the_content -->","protected":false},"excerpt":{"rendered":"<p>Buts d\u00e9velopper son autonomie et son r\u00e9seau : vivre selon ses valeurs en cr\u00e9ant sa propre voie b\u00e9n\u00e9ficier des ressources et des opportunit\u00e9s qui se pr\u00e9sentent favoriser les synergies et les partages avec son environnement se lib\u00e9rer de l'emprise de l\u2019argent et des contraintes de la soci\u00e9t\u00e9 Valeurs autonomie responsabilit\u00e9 simplicit\u00e9 cr\u00e9ativit\u00e9 int\u00e9gration, liens (nature, &hellip; <a href=\"https:\/\/enreseau.ch\/monla\/approche\/\" class=\"more-link\">Continuer la lecture<span class=\"screen-reader-text\"> de &laquo;&nbsp;Approche&nbsp;&raquo;<\/span><\/a><!-- AddThis Advanced Settings generic via filter on get_the_excerpt --><!-- AddThis Share Buttons generic via filter on get_the_excerpt --><\/p>\n","protected":false},"author":1,"featured_media":0,"parent":0,"menu_order":0,"comment_status":"closed","ping_status":"closed","template":"","meta":[],"_links":{"self":[{"href":"https:\/\/enreseau.ch\/monla\/wp-json\/wp\/v2\/pages\/236"}],"collection":[{"href":"https:\/\/enreseau.ch\/monla\/wp-json\/wp\/v2\/pages"}],"about":[{"href":"https:\/\/enreseau.ch\/monla\/wp-json\/wp\/v2\/types\/page"}],"author":[{"embeddable":true,"href":"https:\/\/enreseau.ch\/monla\/wp-json\/wp\/v2\/users\/1"}],"replies":[{"embeddable":true,"href":"https:\/\/enreseau.ch\/monla\/wp-json\/wp\/v2\/comments?post=236"}],"version-history":[{"count":4,"href":"https:\/\/enreseau.ch\/monla\/wp-json\/wp\/v2\/pages\/236\/revisions"}],"predecessor-version":[{"id":292,"href":"https:\/\/enreseau.ch\/monla\/wp-json\/wp\/v2\/pages\/236\/revisions\/292"}],"wp:attachment":[{"href":"https:\/\/enreseau.ch\/monla\/wp-json\/wp\/v2\/media?parent=236"}],"curies":[{"name":"wp","href":"https:\/\/api.w.org\/{rel}","templated":true}]}}