{"id":216,"date":"2020-05-08T13:23:29","date_gmt":"2020-05-08T11:23:29","guid":{"rendered":"https:\/\/enreseau.ch\/monla\/?page_id=216"},"modified":"2020-05-08T13:23:30","modified_gmt":"2020-05-08T11:23:30","slug":"nous","status":"publish","type":"page","link":"https:\/\/enreseau.ch\/monla\/nous\/","title":{"rendered":"Nous"},"content":{"rendered":"<p><a href=\"https:\/\/maison-verte.ch\/mim-et-andre-meilland\/\" target=\"_blank\" rel=\"noopener noreferrer\">Mim et Andr\u00e9 Meilland<\/a>, \u00e9conomiste d\u2019entreprise bulgare et ing\u00e9nieur-\u00e9nerg\u00e9ticien valaisan, concepteurs et formateurs en <a href=\"https:\/\/maison-verte.ch\/blog\/systemes-durables\/\" target=\"_blank\" rel=\"noopener noreferrer\">syst\u00e8mes durables<\/a>; responsables de la <a href=\"https:\/\/maison-verte.ch\" target=\"_blank\" rel=\"noopener noreferrer\">Maison Verte<\/a>, centre d'activit\u00e9s \u00e0 la gare de Romont (Suisse), ainsi que de nombreux projets \u00e9thiques et holistiques.<\/p>\n<p><img class=\"wp-image-7151 size-medium alignleft\" src=\"https:\/\/maison-verte.ch\/wp-content\/uploads\/sites\/11\/2015\/01\/Mim_carottes-181x300.jpg\" alt=\"Mim_carottes\" width=\"140\" \/><img class=\"alignright wp-image-7152 size-medium\" src=\"https:\/\/maison-verte.ch\/wp-content\/uploads\/sites\/11\/2015\/01\/Andre_ane-230x300.jpg\" alt=\"Andre_ane\" width=\"180\" \/><em>En 2011, nous avons r\u00eav\u00e9 de nous lib\u00e9rer de l\u2019emploi et de l\u2019argent pour pouvoir vivre selon nos valeurs. Nous avons suivi des formations, d\u00e9velopp\u00e9 notre projet et depuis 2013 nous sommes tous les deux ind\u00e9pendants! En mettant en place des solutions de partage et en acceptant les cadeaux que la vie nous offre, nous pouvons vivre avec tr\u00e8s peu d\u2019argent. Quel bonheur d\u2019\u00eatre libres et riches d\u2019opportunit\u00e9s! Maintenant nous souhaitons partager nos comp\u00e9tences et exp\u00e9rience, pour accompagner les autres sur ce chemin.<\/em><\/p>\n<!-- AddThis Advanced Settings generic via filter on the_content --><!-- AddThis Share Buttons generic via filter on the_content -->","protected":false},"excerpt":{"rendered":"<p>Mim et Andr\u00e9 Meilland, \u00e9conomiste d\u2019entreprise bulgare et ing\u00e9nieur-\u00e9nerg\u00e9ticien valaisan, concepteurs et formateurs en syst\u00e8mes durables; responsables de la Maison Verte, centre d'activit\u00e9s \u00e0 la gare de Romont (Suisse), ainsi que de nombreux projets \u00e9thiques et holistiques. En 2011, nous avons r\u00eav\u00e9 de nous lib\u00e9rer de l\u2019emploi et de l\u2019argent pour pouvoir vivre selon nos &hellip; <a href=\"https:\/\/enreseau.ch\/monla\/nous\/\" class=\"more-link\">Continuer la lecture<span class=\"screen-reader-text\"> de &laquo;&nbsp;Nous&nbsp;&raquo;<\/span><\/a><!-- AddThis Advanced Settings generic via filter on get_the_excerpt --><!-- AddThis Share Buttons generic via filter on get_the_excerpt --><\/p>\n","protected":false},"author":1,"featured_media":0,"parent":0,"menu_order":0,"comment_status":"closed","ping_status":"closed","template":"","meta":[],"_links":{"self":[{"href":"https:\/\/enreseau.ch\/monla\/wp-json\/wp\/v2\/pages\/216"}],"collection":[{"href":"https:\/\/enreseau.ch\/monla\/wp-json\/wp\/v2\/pages"}],"about":[{"href":"https:\/\/enreseau.ch\/monla\/wp-json\/wp\/v2\/types\/page"}],"author":[{"embeddable":true,"href":"https:\/\/enreseau.ch\/monla\/wp-json\/wp\/v2\/users\/1"}],"replies":[{"embeddable":true,"href":"https:\/\/enreseau.ch\/monla\/wp-json\/wp\/v2\/comments?post=216"}],"version-history":[{"count":4,"href":"https:\/\/enreseau.ch\/monla\/wp-json\/wp\/v2\/pages\/216\/revisions"}],"predecessor-version":[{"id":220,"href":"https:\/\/enreseau.ch\/monla\/wp-json\/wp\/v2\/pages\/216\/revisions\/220"}],"wp:attachment":[{"href":"https:\/\/enreseau.ch\/monla\/wp-json\/wp\/v2\/media?parent=216"}],"curies":[{"name":"wp","href":"https:\/\/api.w.org\/{rel}","templated":true}]}}