{"id":201,"date":"2020-05-06T13:32:45","date_gmt":"2020-05-06T11:32:45","guid":{"rendered":"https:\/\/enreseau.ch\/monla\/?page_id=201"},"modified":"2021-08-17T10:09:42","modified_gmt":"2021-08-17T08:09:42","slug":"bienvenue","status":"publish","type":"page","link":"https:\/\/enreseau.ch\/monla\/","title":{"rendered":"Cr\u00e9er son monde, ici et maintenant!"},"content":{"rendered":"<p style=\"text-align: justify;\"><img loading=\"lazy\" class=\"size-medium wp-image-289 alignright\" src=\"https:\/\/enreseau.ch\/monla\/wp-content\/uploads\/sites\/2\/2020\/05\/paraculture-pieds2-300x225.jpg\" alt=\"\" width=\"300\" height=\"225\" srcset=\"https:\/\/enreseau.ch\/monla\/wp-content\/uploads\/sites\/2\/2020\/05\/paraculture-pieds2-300x225.jpg 300w, https:\/\/enreseau.ch\/monla\/wp-content\/uploads\/sites\/2\/2020\/05\/paraculture-pieds2.jpg 600w\" sizes=\"(max-width: 300px) 85vw, 300px\" \/>Le site Monla.ch regroupe des solutions pour d\u00e9velopper son autonomie dans diff\u00e9rents aspects de la vie, en se basant sur le lien avec la nature et les autres:<\/p>\n<ul>\n<li>cultiver sa libert\u00e9<\/li>\n<li>alimentation naturelle<\/li>\n<li>paraculture, s'int\u00e9grer dans la nature<\/li>\n<\/ul>\n<hr \/>\n<p style=\"text-align: justify;\"><a href=\"https:\/\/enreseau.ch\/monla\/infos\/le-guide-miam-de-lalimentation-naturelle\/\"><img loading=\"lazy\" class=\"wp-image-267 alignleft\" src=\"https:\/\/enreseau.ch\/monla\/wp-content\/uploads\/sites\/2\/2020\/05\/guide_MIAM2-282x300.png\" alt=\"\" width=\"200\" height=\"213\" srcset=\"https:\/\/enreseau.ch\/monla\/wp-content\/uploads\/sites\/2\/2020\/05\/guide_MIAM2-282x300.png 282w, https:\/\/enreseau.ch\/monla\/wp-content\/uploads\/sites\/2\/2020\/05\/guide_MIAM2.png 428w\" sizes=\"(max-width: 200px) 85vw, 200px\" \/><\/a>L'alimentation naturelle est une mani\u00e8re de manger en se basant sur la connexion avec la nature et son instinct. Elle permet de retrouver son naturel et de restaurer la capacit\u00e9 du corps \u00e0 s\u00e9lectionner les aliments qui lui conviennent, tout en acceptant ce que la nature et la vie nous offrent, ici et maintenant.<\/p>\n<p><a href=\"https:\/\/enreseau.ch\/monla\/inscription\/\">Rejoignez le r\u00e9seau Monla<\/a> et <strong>t\u00e9l\u00e9chargez gratuitement<\/strong> le <a href=\"https:\/\/enreseau.ch\/monla\/infos\/le-guide-miam-de-lalimentation-naturelle\/\">guide MIAM<\/a> de l'alimentation naturelle!<\/p>\n<hr \/>\n<p><em data-rich-text-format-boundary=\"true\">Derni\u00e8res publications:<\/em><\/p>\n<div class=\"tablenav\"><span class=\"em-pagination\" ><span class=\"displaying-num\">Affichage 1&#8211;20 sur 34 publications.<\/span> <span aria-current=\"page\" class=\"page-numbers current\">1<\/span>\n<a class=\"page-numbers\" href=\"https:\/\/enreseau.ch\/monla\/publications\/?pno=2&#038;action=search_pubs\">2<\/a>\n<a class=\"next page-numbers\" href=\"https:\/\/enreseau.ch\/monla\/publications\/?pno=2&#038;action=search_pubs\">Suivant\u00a0\u00bb<\/a><\/span><\/div><div class='css-events-list'><div id='eman-pubs-table'><div class=\"wrap\"><table cellpadding=\"0\" cellspacing=\"0\" border=\"0\" class=\"events-table\" ><tr>\r\n<td width=\"100\">\r\n<div class=\"events-image\"><img width=\"70\" height=\"70\" src=\"https:\/\/enreseau.ch\/monla\/wp-content\/uploads\/sites\/12\/2022\/02\/andre_poules_framboises-150x150.jpg\" class=\"attachment-70x70 size-70x70 wp-post-image\" alt=\"\" loading=\"lazy\" \/><\/div>\r\n<\/td>\r\n<td style=\"background-color:\">\r\n<div class=\"events-title\"><div class=\"dashicons dashicons-info\" title =\"Info\"><\/div> <a href=\"https:\/\/enreseau.ch\/monla\/infos\/temoignage-cultiver-notre-liberte\/\" target=\"_blank\">t\u00e9moignage Cultiver notre libert\u00e9<\/a> <\/div>\r\n<div class=\"events-details\">\r\n\r\n\r\n\r\n\r\n\r\n\r\npar <a href=\"https:\/\/enreseau.ch\/monla\/membres\/creatie\/profile\/\">Creatie<\/a> |   | <a href=\"https:\/\/enreseau.ch\/monla\/infos\/categories\/temoignages\">T\u00e9moignages, pr\u00e9sentations<\/a> | 22.02.2022  <br \/>\r\n\r\n\r\n\r\n\r\n<\/div>\r\n<\/td>\r\n<\/tr><tr>\r\n<td width=\"100\">\r\n<div class=\"events-image\"><img width=\"70\" height=\"70\" src=\"https:\/\/enreseau.ch\/monla\/wp-content\/uploads\/sites\/12\/2021\/08\/poussins_jardin_210612-150x150.jpg\" class=\"attachment-70x70 size-70x70 wp-post-image\" alt=\"\" loading=\"lazy\" \/><\/div>\r\n<\/td>\r\n<td style=\"background-color:\">\r\n<div class=\"events-title\"><div class=\"dashicons dashicons-info\" title =\"Info\"><\/div> <a href=\"https:\/\/enreseau.ch\/monla\/infos\/video-parcours-dans-notre-jardin-semi-sauvage\/\" target=\"_blank\">[vid\u00e9o] Parcours dans notre jardin semi-sauvage<\/a> <\/div>\r\n<div class=\"events-details\">\r\n\r\n\r\n\r\n\r\n\r\n\r\npar <a href=\"https:\/\/enreseau.ch\/monla\/membres\/creatie\/profile\/\">Creatie<\/a> | Romont | <a href=\"https:\/\/enreseau.ch\/monla\/infos\/categories\/autres\">Z - Autres<\/a> | 23.06.2021  <br \/>\r\n\r\n\r\n\r\n\r\n<\/div>\r\n<\/td>\r\n<\/tr><tr>\r\n<td width=\"100\">\r\n<div class=\"events-image\"><img width=\"70\" height=\"70\" src=\"https:\/\/enreseau.ch\/monla\/wp-content\/uploads\/sites\/12\/2021\/06\/faux_faucher_210605-150x150.jpg\" class=\"attachment-70x70 size-70x70 wp-post-image\" alt=\"\" loading=\"lazy\" \/><\/div>\r\n<\/td>\r\n<td style=\"background-color:\">\r\n<div class=\"events-title\"><div class=\"dashicons dashicons-info\" title =\"Info\"><\/div> <a href=\"https:\/\/enreseau.ch\/monla\/infos\/video-nos-poussins-apprennent-a-faucher\/\" target=\"_blank\">[vid\u00e9o] Nos poussins apprennent \u00e0 faucher<\/a> <\/div>\r\n<div class=\"events-details\">\r\n\r\n\r\n\r\n\r\n\r\n\r\npar <a href=\"https:\/\/enreseau.ch\/monla\/membres\/creatie\/profile\/\">Creatie<\/a> |   | <a href=\"https:\/\/enreseau.ch\/monla\/infos\/categories\/autres\">Z - Autres<\/a> | 14.06.2021  <br \/>\r\n\r\n\r\n\r\n\r\n<\/div>\r\n<\/td>\r\n<\/tr><tr>\r\n<td width=\"100\">\r\n<div class=\"events-image\"><img width=\"70\" height=\"70\" src=\"https:\/\/enreseau.ch\/monla\/wp-content\/uploads\/sites\/2\/2021\/05\/paraculture-pieds2-150x150.jpg\" class=\"attachment-70x70 size-70x70 wp-post-image\" alt=\"\" loading=\"lazy\" \/><\/div>\r\n<\/td>\r\n<td style=\"background-color:\">\r\n<div class=\"events-title\"><div class=\"dashicons dashicons-info\" title =\"Info\"><\/div> <a href=\"https:\/\/enreseau.ch\/monla\/infos\/rencontres-cultiver-sa-liberte\/\">rencontres Cultiver sa libert\u00e9<\/a> <\/div>\r\n<div class=\"events-details\">\r\n\r\n\r\n\r\n\r\n\r\n\r\npar <a href=\"https:\/\/enreseau.ch\/monla\/membres\/creatie\/profile\/\">Creatie<\/a> | Romont | <a href=\"https:\/\/enreseau.ch\/monla\/infos\/categories\/temoignages\">T\u00e9moignages, pr\u00e9sentations<\/a> | 26.05.2021  <br \/>\r\n\r\n\r\n\r\n\r\n<\/div>\r\n<\/td>\r\n<\/tr><tr>\r\n<td width=\"100\">\r\n<div class=\"events-image\"><img width=\"70\" height=\"70\" src=\"https:\/\/enreseau.ch\/monla\/wp-content\/uploads\/sites\/2\/2021\/04\/poussins_moufle-150x150.jpg\" class=\"attachment-70x70 size-70x70 wp-post-image\" alt=\"\" loading=\"lazy\" \/><\/div>\r\n<\/td>\r\n<td style=\"background-color:\">\r\n<div class=\"events-title\"><div class=\"dashicons dashicons-info\" title =\"Info\"><\/div> <a href=\"https:\/\/enreseau.ch\/monla\/infos\/il-y-a-de-la-place-a-la-maison-verte\/\">Il y a de la place \u00e0 la Maison Verte!<\/a> <\/div>\r\n<div class=\"events-details\">\r\n\r\n\r\n\r\n\r\n\r\n\r\npar <a href=\"https:\/\/enreseau.ch\/monla\/membres\/creatie\/profile\/\">Creatie<\/a> | Romont | <a href=\"https:\/\/enreseau.ch\/monla\/infos\/categories\/nouvelles\">Nouvelles<\/a> | 26.04.2021  <br \/>\r\n\r\n\r\n\r\n\r\n<\/div>\r\n<\/td>\r\n<\/tr><tr>\r\n<td width=\"100\">\r\n<div class=\"events-image\"><img width=\"70\" height=\"70\" src=\"https:\/\/enreseau.ch\/monla\/wp-content\/uploads\/sites\/2\/2021\/04\/DSC02856-150x150.jpg\" class=\"attachment-70x70 size-70x70 wp-post-image\" alt=\"\" loading=\"lazy\" \/><\/div>\r\n<\/td>\r\n<td style=\"background-color:\">\r\n<div class=\"events-title\"><div class=\"dashicons dashicons-info\" title =\"Info\"><\/div> <a href=\"https:\/\/enreseau.ch\/monla\/infos\/nous-nous-sommes-liberes-du-loyer\/\">Nous nous sommes lib\u00e9r\u00e9s du loyer!<\/a> <\/div>\r\n<div class=\"events-details\">\r\n\r\n\r\n\r\n\r\n\r\n\r\npar <a href=\"https:\/\/enreseau.ch\/monla\/membres\/creatie\/profile\/\">Creatie<\/a> | Romont | <a href=\"https:\/\/enreseau.ch\/monla\/infos\/categories\/nouvelles\">Nouvelles<\/a> | 26.04.2021  <br \/>\r\n\r\n\r\n\r\n\r\n<\/div>\r\n<\/td>\r\n<\/tr><tr>\r\n<td width=\"100\">\r\n<div class=\"events-image\"><img width=\"70\" height=\"70\" src=\"https:\/\/enreseau.ch\/monla\/wp-content\/uploads\/sites\/12\/2018\/08\/perma_observation-150x150.jpg\" class=\"attachment-70x70 size-70x70 wp-post-image\" alt=\"\" loading=\"lazy\" \/><\/div>\r\n<\/td>\r\n<td style=\"background-color:#ffffe0\">\r\n<div class=\"events-title\"><div class=\"dashicons dashicons-testimonial\" title =\"Annonce\"><\/div> Offre:  <a href=\"https:\/\/enreseau.ch\/monla\/services\/stage-paraculture\/\" target=\"_blank\">stage Paraculture<\/a> <\/div>\r\n<div class=\"events-details\">\r\n\r\n\r\n\r\npar <a href=\"https:\/\/enreseau.ch\/monla\/membres\/creatie\/profile\/\">Creatie<\/a> |   | <a href=\"https:\/\/enreseau.ch\/monla\/services\/categories\/conseils\">Comp\u00e9tences, conseils<\/a> | 22.07.2020  <br \/>\r\n\r\n\r\n\r\n\r\n\r\n\r\n\r\n<\/div>\r\n<\/td>\r\n<\/tr><tr>\r\n<td width=\"100\">\r\n<div class=\"events-image\"><img width=\"70\" height=\"70\" src=\"https:\/\/enreseau.ch\/monla\/wp-content\/uploads\/sites\/2\/2020\/07\/salade_raisinets-150x150.jpg\" class=\"attachment-70x70 size-70x70 wp-post-image\" alt=\"\" loading=\"lazy\" \/><\/div>\r\n<\/td>\r\n<td style=\"background-color:\">\r\n<div class=\"events-title\"><div class=\"dashicons dashicons-info\" title =\"Info\"><\/div> <a href=\"https:\/\/enreseau.ch\/monla\/infos\/raisinets-dans-la-salade\/\">Raisinets dans la salade<\/a> <\/div>\r\n<div class=\"events-details\">\r\n\r\n\r\n\r\n\r\n\r\n\r\npar <a href=\"https:\/\/enreseau.ch\/monla\/membres\/creatie\/profile\/\">Creatie<\/a> |  | <a href=\"https:\/\/enreseau.ch\/monla\/infos\/categories\/reflexions\">R\u00e9flexions, id\u00e9es<\/a> | 16.07.2020  <br \/>\r\n\r\n\r\n\r\n\r\n<\/div>\r\n<\/td>\r\n<\/tr><tr>\r\n<td width=\"100\">\r\n<div class=\"events-image\"><img width=\"70\" height=\"70\" src=\"https:\/\/enreseau.ch\/monla\/wp-content\/uploads\/sites\/12\/2020\/07\/chaine-mures-150x150.jpg\" class=\"attachment-70x70 size-70x70 wp-post-image\" alt=\"\" loading=\"lazy\" \/><\/div>\r\n<\/td>\r\n<td style=\"background-color:#ffffe0\">\r\n<div class=\"events-title\"><div class=\"dashicons dashicons-testimonial\" title =\"Annonce\"><\/div> Offre:  <a href=\"https:\/\/enreseau.ch\/monla\/services\/pratiquer-la-paraculture\/\" target=\"_blank\">Pratiquer la paraculture<\/a> <\/div>\r\n<div class=\"events-details\">\r\n\r\n\r\n\r\npar <a href=\"https:\/\/enreseau.ch\/monla\/membres\/creatie\/profile\/\">Creatie<\/a> |   | <a href=\"https:\/\/enreseau.ch\/monla\/services\/categories\/conseils\">Comp\u00e9tences, conseils<\/a> | 01.07.2020  <br \/>\r\n\r\n\r\n\r\n\r\n\r\n\r\n\r\n<\/div>\r\n<\/td>\r\n<\/tr><tr>\r\n<td width=\"100\">\r\n<div class=\"events-image\"><img width=\"70\" height=\"70\" src=\"https:\/\/enreseau.ch\/monla\/wp-content\/uploads\/sites\/12\/2019\/05\/femme-liberte-150x150.jpg\" class=\"attachment-70x70 size-70x70 wp-post-image\" alt=\"\" loading=\"lazy\" \/><\/div>\r\n<\/td>\r\n<td style=\"background-color:#ffffe0\">\r\n<div class=\"events-title\"><div class=\"dashicons dashicons-testimonial\" title =\"Annonce\"><\/div> Offre:  <a href=\"https:\/\/enreseau.ch\/monla\/services\/presentation-cultiver-sa-liberte\/\" target=\"_blank\">pr\u00e9sentation Cultiver sa libert\u00e9<\/a> <\/div>\r\n<div class=\"events-details\">\r\n\r\n\r\n\r\npar <a href=\"https:\/\/enreseau.ch\/monla\/membres\/creatie\/profile\/\">Creatie<\/a> |   | <a href=\"https:\/\/enreseau.ch\/monla\/services\/categories\/conseils\">Comp\u00e9tences, conseils<\/a> | 28.06.2020  <br \/>\r\n\r\n\r\n\r\n\r\n\r\n\r\n\r\n<\/div>\r\n<\/td>\r\n<\/tr><tr>\r\n<td width=\"100\">\r\n<div class=\"events-image\"><img width=\"70\" height=\"70\" src=\"https:\/\/enreseau.ch\/monla\/wp-content\/uploads\/sites\/2\/2020\/06\/pains_fleurs200616-150x150.jpg\" class=\"attachment-70x70 size-70x70 wp-post-image\" alt=\"\" loading=\"lazy\" \/><\/div>\r\n<\/td>\r\n<td style=\"background-color:\">\r\n<div class=\"events-title\"><div class=\"dashicons dashicons-info\" title =\"Info\"><\/div> <a href=\"https:\/\/enreseau.ch\/monla\/infos\/petits-pains-et-gateaux-aux-fleurs\/\">Petits pains et g\u00e2teaux aux fleurs<\/a> <\/div>\r\n<div class=\"events-details\">\r\n\r\n\r\n\r\n\r\n\r\n\r\npar <a href=\"https:\/\/enreseau.ch\/monla\/membres\/creatie\/profile\/\">Creatie<\/a> |  | <a href=\"https:\/\/enreseau.ch\/monla\/infos\/categories\/temoignages\">T\u00e9moignages, pr\u00e9sentations<\/a> | 23.06.2020  <br \/>\r\n\r\n\r\n\r\n\r\n<\/div>\r\n<\/td>\r\n<\/tr><tr>\r\n<td width=\"100\">\r\n<div class=\"events-image\"><\/div>\r\n<\/td>\r\n<td style=\"background-color:\">\r\n<div class=\"events-title\"><div class=\"dashicons dashicons-info\" title =\"Info\"><\/div> <a href=\"https:\/\/enreseau.ch\/monla\/infos\/nos-repas-en-alimentation-naturelle\/\"><span style=\"color:#aaa\">Nos repas en alimentation naturelle<\/span><\/a> <\/div>\r\n<div class=\"events-details\">\r\n\r\n\r\n\r\n\r\n\r\n\r\npar <a href=\"https:\/\/enreseau.ch\/monla\/membres\/creatie\/profile\/\">Creatie<\/a> |  | <a href=\"https:\/\/enreseau.ch\/monla\/infos\/categories\/temoignages\">T\u00e9moignages, pr\u00e9sentations<\/a> | 16.06.2020  <br \/>\r\n\r\n\r\n\r\n\r\n<\/div>\r\n<\/td>\r\n<\/tr><tr>\r\n<td width=\"100\">\r\n<div class=\"events-image\"><\/div>\r\n<\/td>\r\n<td style=\"background-color:\">\r\n<div class=\"events-title\"><div class=\"dashicons dashicons-book\" title =\"Annuaire\"><\/div> <a href=\"https:\/\/enreseau.ch\/monla\/annuaire\/manger-des-fleurs\/\"><span style=\"color:#aaa\">Manger des fleurs<\/span><\/a> <\/div>\r\n<div class=\"events-details\">\r\n\r\n\r\n\r\n\r\n\r\npar <a href=\"https:\/\/enreseau.ch\/monla\/membres\/creatie\/profile\/\">Creatie<\/a> |  | <a href=\"https:\/\/enreseau.ch\/monla\/annuaire\/categories\/art\">Art, cr\u00e9ations<\/a>  <br \/>\r\n\r\n\r\n\r\n\r\n\r\n<\/div>\r\n<\/td>\r\n<\/tr><tr>\r\n<td width=\"100\">\r\n<div class=\"events-image\"><\/div>\r\n<\/td>\r\n<td style=\"background-color:\">\r\n<div class=\"events-title\"><div class=\"dashicons dashicons-info\" title =\"Info\"><\/div> <a href=\"https:\/\/enreseau.ch\/monla\/infos\/chips-au-levain-fleuris\/\"><span style=\"color:#aaa\">Chips au levain fleuris<\/span><\/a> <\/div>\r\n<div class=\"events-details\">\r\n\r\n\r\n\r\n\r\n\r\n\r\npar <a href=\"https:\/\/enreseau.ch\/monla\/membres\/creatie\/profile\/\">Creatie<\/a> |  | <a href=\"https:\/\/enreseau.ch\/monla\/infos\/categories\/temoignages\">T\u00e9moignages, pr\u00e9sentations<\/a> | 03.06.2020  <br \/>\r\n\r\n\r\n\r\n\r\n<\/div>\r\n<\/td>\r\n<\/tr><tr>\r\n<td width=\"100\">\r\n<div class=\"events-image\"><\/div>\r\n<\/td>\r\n<td style=\"background-color:\">\r\n<div class=\"events-title\"><div class=\"dashicons dashicons-book\" title =\"Annuaire\"><\/div> <a href=\"https:\/\/enreseau.ch\/monla\/annuaire\/chips-au-levain\/\"><span style=\"color:#aaa\">Chips au levain<\/span><\/a> <\/div>\r\n<div class=\"events-details\">\r\n\r\n\r\n\r\n\r\n\r\npar <a href=\"https:\/\/enreseau.ch\/monla\/membres\/creatie\/profile\/\">Creatie<\/a> |  | <a href=\"https:\/\/enreseau.ch\/monla\/annuaire\/categories\/art\">Art, cr\u00e9ations<\/a>  <br \/>\r\n\r\n\r\n\r\n\r\n\r\n<\/div>\r\n<\/td>\r\n<\/tr><tr>\r\n<td width=\"100\">\r\n<div class=\"events-image\"><\/div>\r\n<\/td>\r\n<td style=\"background-color:#ffffe0\">\r\n<div class=\"events-title\"><div class=\"dashicons dashicons-carrot\" title =\"Produits\"><\/div> Offre:  <a href=\"https:\/\/enreseau.ch\/monla\/produits\/plantes-aromatiques-du-jardin\/\"><span style=\"color:#aaa\">Plantes aromatiques du jardin<\/span><\/a> <\/div>\r\n<div class=\"events-details\">\r\n\r\n\r\n\r\n\r\npar <a href=\"https:\/\/enreseau.ch\/monla\/membres\/creatie\/profile\/\">Creatie<\/a> | Romont | <a href=\"https:\/\/enreseau.ch\/monla\/objets\/categories\/alimentation\">Alimentation, jardin<\/a> | 02.06.2020 \r\n\r\n\r\n\r\n\r\n\r\n\r\n<\/div>\r\n<\/td>\r\n<\/tr><tr>\r\n<td width=\"100\">\r\n<div class=\"events-image\"><img width=\"70\" height=\"70\" src=\"https:\/\/enreseau.ch\/monla\/wp-content\/uploads\/sites\/2\/2020\/05\/paraculture-pieds2-150x150.jpg\" class=\"attachment-70x70 size-70x70 wp-post-image\" alt=\"\" loading=\"lazy\" \/><\/div>\r\n<\/td>\r\n<td style=\"background-color:\">\r\n<div class=\"events-title\"><div class=\"dashicons dashicons-info\" title =\"Info\"><\/div> <a href=\"https:\/\/enreseau.ch\/monla\/infos\/paraculture\/\">Paraculture<\/a> <\/div>\r\n<div class=\"events-details\">\r\n\r\n\r\n\r\n\r\n\r\n\r\npar <a href=\"https:\/\/enreseau.ch\/monla\/membres\/monla\/profile\/\">Monla<\/a> |  | <a href=\"https:\/\/enreseau.ch\/monla\/infos\/categories\/informations\">Informations, conseils<\/a> | 24.05.2020  <br \/>\r\n\r\n\r\n\r\n\r\n<\/div>\r\n<\/td>\r\n<\/tr><tr>\r\n<td width=\"100\">\r\n<div class=\"events-image\"><img width=\"70\" height=\"70\" src=\"https:\/\/enreseau.ch\/monla\/wp-content\/uploads\/sites\/2\/2020\/05\/sd-150x150.png\" class=\"attachment-70x70 size-70x70 wp-post-image\" alt=\"\" loading=\"lazy\" srcset=\"https:\/\/enreseau.ch\/monla\/wp-content\/uploads\/sites\/2\/2020\/05\/sd-150x150.png 150w, https:\/\/enreseau.ch\/monla\/wp-content\/uploads\/sites\/2\/2020\/05\/sd-300x300.png 300w, https:\/\/enreseau.ch\/monla\/wp-content\/uploads\/sites\/2\/2020\/05\/sd.png 450w\" sizes=\"(max-width: 70px) 85vw, 70px\" \/><\/div>\r\n<\/td>\r\n<td style=\"background-color:\">\r\n<div class=\"events-title\"><div class=\"dashicons dashicons-info\" title =\"Info\"><\/div> <a href=\"https:\/\/enreseau.ch\/monla\/infos\/systemes-durables\/\">Syst\u00e8mes durables<\/a> <\/div>\r\n<div class=\"events-details\">\r\n\r\n\r\n\r\n\r\n\r\n\r\npar <a href=\"https:\/\/enreseau.ch\/monla\/membres\/monla\/profile\/\">Monla<\/a> |  | <a href=\"https:\/\/enreseau.ch\/monla\/infos\/categories\/informations\">Informations, conseils<\/a> | 24.05.2020  <br \/>\r\n\r\n\r\n\r\n\r\n<\/div>\r\n<\/td>\r\n<\/tr><tr>\r\n<td width=\"100\">\r\n<div class=\"events-image\"><\/div>\r\n<\/td>\r\n<td style=\"background-color:\">\r\n<div class=\"events-title\"><div class=\"dashicons dashicons-info\" title =\"Info\"><\/div> <a href=\"https:\/\/enreseau.ch\/monla\/infos\/miam-alimentation-naturelle-pour-maintenant\/\"><span style=\"color:#aaa\">[MIAM] Alimentation naturelle pour Maintenant<\/span><\/a> <\/div>\r\n<div class=\"events-details\">\r\n\r\n\r\n\r\n\r\n\r\n\r\npar <a href=\"https:\/\/enreseau.ch\/monla\/membres\/monla\/profile\/\">Monla<\/a> |  | <a href=\"https:\/\/enreseau.ch\/monla\/infos\/categories\/informations\">Informations, conseils<\/a> | 16.05.2020  <br \/>\r\n\r\n\r\n\r\n\r\n<\/div>\r\n<\/td>\r\n<\/tr><tr>\r\n<td width=\"100\">\r\n<div class=\"events-image\"><\/div>\r\n<\/td>\r\n<td style=\"background-color:\">\r\n<div class=\"events-title\"><div class=\"dashicons dashicons-info\" title =\"Info\"><\/div> <a href=\"https:\/\/enreseau.ch\/monla\/infos\/miam-alimentation-naturelle-pour-laliment\/\"><span style=\"color:#aaa\">[MIAM] Alimentation naturelle pour l&#039;Aliment<\/span><\/a> <\/div>\r\n<div class=\"events-details\">\r\n\r\n\r\n\r\n\r\n\r\n\r\npar <a href=\"https:\/\/enreseau.ch\/monla\/membres\/monla\/profile\/\">Monla<\/a> |  | <a href=\"https:\/\/enreseau.ch\/monla\/infos\/categories\/informations\">Informations, conseils<\/a> | 16.05.2020  <br \/>\r\n\r\n\r\n\r\n\r\n<\/div>\r\n<\/td>\r\n<\/tr><\/table><\/div><\/div><\/div>\n\n\n<p><\/p>\n\n\n\n<p><\/p>\n\n\n\n<p><\/p>\n\n\n\n<p><\/p>\n<!-- AddThis Advanced Settings generic via filter on the_content --><!-- AddThis Share Buttons generic via filter on the_content -->","protected":false},"excerpt":{"rendered":"<p>Le site Monla.ch regroupe des solutions pour d\u00e9velopper son autonomie dans diff\u00e9rents aspects de la vie, en se basant sur le lien avec la nature et les autres: cultiver sa libert\u00e9 alimentation naturelle paraculture, s'int\u00e9grer dans la nature L'alimentation naturelle est une mani\u00e8re de manger en se basant sur la connexion avec la nature et &hellip; <a href=\"https:\/\/enreseau.ch\/monla\/\" class=\"more-link\">Continuer la lecture<span class=\"screen-reader-text\"> de &laquo;&nbsp;Cr\u00e9er son monde, ici et maintenant!&nbsp;&raquo;<\/span><\/a><!-- AddThis Advanced Settings generic via filter on get_the_excerpt --><!-- AddThis Share Buttons generic via filter on get_the_excerpt --><\/p>\n","protected":false},"author":1,"featured_media":0,"parent":0,"menu_order":0,"comment_status":"closed","ping_status":"closed","template":"","meta":[],"_links":{"self":[{"href":"https:\/\/enreseau.ch\/monla\/wp-json\/wp\/v2\/pages\/201"}],"collection":[{"href":"https:\/\/enreseau.ch\/monla\/wp-json\/wp\/v2\/pages"}],"about":[{"href":"https:\/\/enreseau.ch\/monla\/wp-json\/wp\/v2\/types\/page"}],"author":[{"embeddable":true,"href":"https:\/\/enreseau.ch\/monla\/wp-json\/wp\/v2\/users\/1"}],"replies":[{"embeddable":true,"href":"https:\/\/enreseau.ch\/monla\/wp-json\/wp\/v2\/comments?post=201"}],"version-history":[{"count":11,"href":"https:\/\/enreseau.ch\/monla\/wp-json\/wp\/v2\/pages\/201\/revisions"}],"predecessor-version":[{"id":504,"href":"https:\/\/enreseau.ch\/monla\/wp-json\/wp\/v2\/pages\/201\/revisions\/504"}],"wp:attachment":[{"href":"https:\/\/enreseau.ch\/monla\/wp-json\/wp\/v2\/media?parent=201"}],"curies":[{"name":"wp","href":"https:\/\/api.w.org\/{rel}","templated":true}]}}